{"id":5174,"date":"2021-06-25T16:55:53","date_gmt":"2021-06-25T14:55:53","guid":{"rendered":"https:\/\/commercecon.pl\/industrial-facilities\/hale-logistyczne\/"},"modified":"2022-03-14T00:10:03","modified_gmt":"2022-03-13T23:10:03","slug":"logistics-halls","status":"publish","type":"page","link":"https:\/\/commercecon.pl\/en\/industrial-facilities\/logistics-halls\/","title":{"rendered":"Logistics halls"},"content":{"rendered":"\n<div class=\"wp-block-group is-style-default\"><div class=\"wp-block-group__inner-container is-layout-flow wp-block-group-is-layout-flow\">\n<div class=\"wp-block-group\"><div class=\"wp-block-group__inner-container is-layout-flow wp-block-group-is-layout-flow\">\n<div class=\"wp-block-cover\"><img decoding=\"async\" width=\"1900\" height=\"570\" class=\"wp-block-cover__image-background wp-image-980\" alt=\"\" src=\"https:\/\/commercecon.pl\/wp-content\/uploads\/2021\/06\/hale-logistyczne-Commercecon-1.jpg\" data-object-fit=\"cover\" srcset=\"https:\/\/commercecon.pl\/wp-content\/uploads\/2021\/06\/hale-logistyczne-Commercecon-1.jpg 1900w, https:\/\/commercecon.pl\/wp-content\/uploads\/2021\/06\/hale-logistyczne-Commercecon-1-300x90.jpg 300w, https:\/\/commercecon.pl\/wp-content\/uploads\/2021\/06\/hale-logistyczne-Commercecon-1-1024x307.jpg 1024w, https:\/\/commercecon.pl\/wp-content\/uploads\/2021\/06\/hale-logistyczne-Commercecon-1-768x230.jpg 768w, https:\/\/commercecon.pl\/wp-content\/uploads\/2021\/06\/hale-logistyczne-Commercecon-1-1536x461.jpg 1536w\" sizes=\"(max-width: 1900px) 100vw, 1900px\" \/><div class=\"wp-block-cover__inner-container is-layout-flow wp-block-cover-is-layout-flow\">\n<p class=\"has-text-align-center has-large-font-size\"><\/p>\n<\/div><\/div>\n<\/div><\/div>\n<\/div><\/div>\n\n\n\n<style>\n    @media (max-width:1023px) {\n        .spacer-block_60d5b066f078e {\n            height: 10px;\n        }\n    }\n    @media (min-width:1024px) {\n        .spacer-block_60d5b066f078e {\n            height: 70px;\n        }\n    }\n<\/style>\n<div class=\"spacer spacer-block_60d5b066f078e\"><\/div>\n\n\n\n<div class=\"wp-block-group is-style-container-small\"><div class=\"wp-block-group__inner-container is-layout-flow wp-block-group-is-layout-flow\">\n<h2 class=\"is-style-heading-small wp-block-heading\">Designing logistics halls<\/h2>\n\n\n\n<p>A logistics hall should, above all, be functional and cost-effective to run. This type of facility is not only used for storage, but also as a place for distributing and handling cargos. To include this function in a logistics hall design, we adopt solutions that enable efficient work of all operators. We divide the space so as to create usable areas and functional traffic routes. We also select appropriately sized gates, docks and unloading ramps, and make driveways for HGVs.<\/p>\n<\/div><\/div>\n\n\n\n<style>\n    @media (max-width:1023px) {\n        .spacer-block_60d5b076f078f {\n            height: 10px;\n        }\n    }\n    @media (min-width:1024px) {\n        .spacer-block_60d5b076f078f {\n            height: 50px;\n        }\n    }\n<\/style>\n<div class=\"spacer spacer-block_60d5b076f078f\"><\/div>\n\n\n\n<div class=\"text-image text-photo style-texts\">\n  <div class=\"text-image__image\">\n    <img decoding=\"async\" width=\"1024\" height=\"682\" src=\"https:\/\/commercecon.pl\/wp-content\/uploads\/2021\/06\/05-21_com_0036D-1024x682.jpg\" class=\"attachment-large size-large\" alt=\"budowa hali logistycznej\" srcset=\"https:\/\/commercecon.pl\/wp-content\/uploads\/2021\/06\/05-21_com_0036D-1024x682.jpg 1024w, https:\/\/commercecon.pl\/wp-content\/uploads\/2021\/06\/05-21_com_0036D-300x200.jpg 300w, https:\/\/commercecon.pl\/wp-content\/uploads\/2021\/06\/05-21_com_0036D-768x512.jpg 768w, https:\/\/commercecon.pl\/wp-content\/uploads\/2021\/06\/05-21_com_0036D.jpg 1400w\" sizes=\"(max-width: 1024px) 100vw, 1024px\" \/>  <\/div>\n  <div class=\"text-image__text\">\n    \n\n<h2 class=\"is-style-heading-small wp-block-heading\"><strong><strong>Building a logistics hall<\/strong><\/strong><\/h2>\n\n\n\n<p>We build logistics facilities in the \u201cDesign and Build\u201d formula. As a general contractor, we are responsible for a project from the beginning of the design to the commissioning of a complete facility. We have long-years experience in building halls for various uses and have completed a total of nearly 2 million sq. m of industrial space for investors from various sectors. When building a logistics hall, we prioritise maximising the use of the space, broadly understood safety, durability and reliability of the facility, traffic safety and timely completion.<\/p>\n\n\n  <\/div>\n\n<\/div>\n\n\n\n<div class=\"text-image photo-text style-texts\">\n  <div class=\"text-image__image\">\n    <img decoding=\"async\" width=\"1024\" height=\"683\" src=\"https:\/\/commercecon.pl\/wp-content\/uploads\/2021\/06\/05-21_com_0017D-1024x683.jpg\" class=\"attachment-large size-large\" alt=\"hala logistyczna - obiekty logistyczne\" srcset=\"https:\/\/commercecon.pl\/wp-content\/uploads\/2021\/06\/05-21_com_0017D-1024x683.jpg 1024w, https:\/\/commercecon.pl\/wp-content\/uploads\/2021\/06\/05-21_com_0017D-300x200.jpg 300w, https:\/\/commercecon.pl\/wp-content\/uploads\/2021\/06\/05-21_com_0017D-768x512.jpg 768w, https:\/\/commercecon.pl\/wp-content\/uploads\/2021\/06\/05-21_com_0017D.jpg 1400w\" sizes=\"(max-width: 1024px) 100vw, 1024px\" \/>  <\/div>\n  <div class=\"text-image__text\">\n    \n\n<h2 class=\"is-style-heading-small wp-block-heading\"><strong><strong>Optimising hall structure<\/strong><\/strong><\/h2>\n\n\n\n<p>We make sure that the structure is robust and reliable to ensure safe use. Moreover, a reasonable use of building materials is equally important in the design process, so that the structure, is built in a cost-efficient way, while maintaining the required safety levels. At Commercecon, we optimise engineering structures considering a number of criteria, such as the weight, strength, reliability and functionality. We advise on the HVAC, fire protection systems and suitable lighting. Furthermore, we offer a wide range of roofing and wall cladding solutions suited to the investor\u2019s preferences and requirements. To date, we have completed over 270 projects, including the modern logistics centres for 7R Park \u0141\u00f3d\u017a West II, MLP Pruszk\u00f3w and Panattoni Park Szczecin.<\/p>\n\n\n  <\/div>\n\n<\/div>\n\n\n\n<style>\n    @media (max-width:1023px) {\n        .spacer-block_60d5af06f078d {\n            height: 10px;\n        }\n    }\n    @media (min-width:1024px) {\n        .spacer-block_60d5af06f078d {\n            height: 50px;\n        }\n    }\n<\/style>\n<div class=\"spacer spacer-block_60d5af06f078d\"><\/div>\n\n\n\n<div class=\"wp-block-group is-style-container\"><div class=\"wp-block-group__inner-container is-layout-flow wp-block-group-is-layout-flow\">\n<div class=\"wp-block-columns is-layout-flex wp-container-core-columns-is-layout-9d6595d7 wp-block-columns-is-layout-flex\">\n<div class=\"wp-block-column is-layout-flow wp-block-column-is-layout-flow\">\n<h2 class=\"is-style-heading-medium wp-block-heading\"><a><strong><strong>Why have a logistics hall built by us?<\/strong><\/strong><\/a><\/h2>\n<\/div>\n\n\n\n<div class=\"wp-block-column is-layout-flow wp-block-column-is-layout-flow\">\n<ul class=\"wp-block-list\"><li>We design the hall load-bearing structure based on the essential calculations, simulations and analyses. As a result, we create durable, reliable and comfortable buildings, custom-engineered to the exact needs of the investor.<\/li><li>We review how to adjust the size of the hall, optimally utilise the plot area and the interior as well as how to plan traffic routes.<\/li><li>We develop logistics halls that meet all applicable standards, on top of featuring an aesthetically pleasing exterior and an ergonomic design.<\/li><\/ul>\n<\/div>\n<\/div>\n<\/div><\/div>\n\n\n\n<style>\n    @media (max-width:1023px) {\n        .spacer-block_60d5b26ef0790 {\n            height: px;\n        }\n    }\n    @media (min-width:1024px) {\n        .spacer-block_60d5b26ef0790 {\n            height: 50px;\n        }\n    }\n<\/style>\n<div class=\"spacer spacer-block_60d5b26ef0790\"><\/div>\n\n\n\n<div class=\"form-section\">\n  <div class=\"form-section__bg\" style=\"background-image:url(https:\/\/commercecon.pl\/wp-content\/uploads\/2021\/06\/Konstrukcja.png)\"><\/div>\n  <div class=\"form-section__inner container zindex5\">\n    <div class=\"form-section__text\">\n      <div class=\"is-style-subtitle\">Contact us<\/div>\n      <div class=\"is-style-heading-medium \">Send a quick query<\/div>\n          <\/div>\n    <div class=\"form-section__form\">\n      \n<div class=\"wpcf7 no-js\" id=\"wpcf7-f5254-o1\" lang=\"pl-PL\" dir=\"ltr\" data-wpcf7-id=\"5254\">\n<div class=\"screen-reader-response\"><p role=\"status\" aria-live=\"polite\" aria-atomic=\"true\"><\/p> <ul><\/ul><\/div>\n<form action=\"\/en\/wp-json\/wp\/v2\/pages\/5174#wpcf7-f5254-o1\" method=\"post\" class=\"wpcf7-form init wpcf7-acceptance-as-validation\" aria-label=\"Formularz kontaktowy\" novalidate=\"novalidate\" data-status=\"init\">\n<fieldset class=\"hidden-fields-container\"><input type=\"hidden\" name=\"_wpcf7\" value=\"5254\" \/><input type=\"hidden\" name=\"_wpcf7_version\" value=\"6.1.3\" \/><input type=\"hidden\" name=\"_wpcf7_locale\" value=\"pl_PL\" \/><input type=\"hidden\" name=\"_wpcf7_unit_tag\" value=\"wpcf7-f5254-o1\" \/><input type=\"hidden\" name=\"_wpcf7_container_post\" value=\"0\" \/><input type=\"hidden\" name=\"_wpcf7_posted_data_hash\" value=\"\" \/><input type=\"hidden\" name=\"_wpcf7_recaptcha_response\" value=\"\" \/>\n<\/fieldset>\n<div class=\"field-2cols\">\n  <label class=\"field\">\n    <div class=\"field__label\">First name*<\/div>\n    <div class=\"field__field\">\n      <span class=\"wpcf7-form-control-wrap\" data-name=\"your-fname\"><input size=\"40\" maxlength=\"400\" class=\"wpcf7-form-control wpcf7-text wpcf7-validates-as-required\" aria-required=\"true\" aria-invalid=\"false\" value=\"\" type=\"text\" name=\"your-fname\" \/><\/span>\n    <\/div>\n  <\/label>\n  <label class=\"field\">\n    <div class=\"field__label\">Surname*<\/div>\n    <div class=\"field__field\">\n      <span class=\"wpcf7-form-control-wrap\" data-name=\"your-lame\"><input size=\"40\" maxlength=\"400\" class=\"wpcf7-form-control wpcf7-text wpcf7-validates-as-required\" aria-required=\"true\" aria-invalid=\"false\" value=\"\" type=\"text\" name=\"your-lame\" \/><\/span>\n    <\/div>\n  <\/label>\n<\/div>\n\n<label class=\"field\">\n  <div class=\"field__label\">Company name*<\/div>\n  <div class=\"field__field\">\n    <span class=\"wpcf7-form-control-wrap\" data-name=\"your-company\"><input size=\"40\" maxlength=\"400\" class=\"wpcf7-form-control wpcf7-text wpcf7-validates-as-required\" aria-required=\"true\" aria-invalid=\"false\" value=\"\" type=\"text\" name=\"your-company\" \/><\/span>\n  <\/div>\n<\/label>\n\n<div class=\"field-2cols\">\n  <label class=\"field\">\n    <div class=\"field__label\">E-mail*<\/div>\n    <div class=\"field__field\">\n      <span class=\"wpcf7-form-control-wrap\" data-name=\"your-mail\"><input size=\"40\" maxlength=\"400\" class=\"wpcf7-form-control wpcf7-text wpcf7-validates-as-required\" aria-required=\"true\" aria-invalid=\"false\" value=\"\" type=\"text\" name=\"your-mail\" \/><\/span>\n    <\/div>\n  <\/label>\n  <label class=\"field\">\n    <div class=\"field__label\">Telephone number<\/div>\n    <div class=\"field__field\">\n      <span class=\"wpcf7-form-control-wrap\" data-name=\"your-phone\"><input size=\"40\" maxlength=\"400\" class=\"wpcf7-form-control wpcf7-text\" aria-invalid=\"false\" value=\"\" type=\"text\" name=\"your-phone\" \/><\/span>\n    <\/div>\n  <\/label>\n<\/div>\n\n<label class=\"field\">\n  <div class=\"field__label\">Hall area (m<sup>2<\/sup>)*<\/div>\n  <div class=\"field__field\">\n    <span class=\"wpcf7-form-control-wrap\" data-name=\"area\"><input size=\"40\" maxlength=\"400\" class=\"wpcf7-form-control wpcf7-text wpcf7-validates-as-required\" aria-required=\"true\" aria-invalid=\"false\" value=\"\" type=\"text\" name=\"area\" \/><\/span>\n  <\/div>\n<\/label>\n\n<label class=\"field\">\n  <div class=\"field__label\">Project location<\/div>\n  <div class=\"field__field\">\n    <span class=\"wpcf7-form-control-wrap\" data-name=\"lokalizacja\"><input size=\"40\" maxlength=\"400\" class=\"wpcf7-form-control wpcf7-text\" aria-invalid=\"false\" value=\"\" type=\"text\" name=\"lokalizacja\" \/><\/span>\n  <\/div>\n<\/label>\n\n\n<label class=\"field\">\n  <div class=\"field__label\">Attach files<\/div>\n  <div class=\"field__field\">\n    <span class=\"wpcf7-form-control-wrap\" data-name=\"upload-file-915\"><input size=\"40\" class=\"wpcf7-form-control wpcf7-drag-n-drop-file d-none\" aria-invalid=\"false\" type=\"file\" multiple=\"multiple\" data-name=\"upload-file-915\" data-max=\"5\" data-id=\"5254\" data-version=\"free version 1.3.9.2\" accept=\".\" \/><\/span>\n  <\/div>\n<\/label>\n\n<label class=\"field\">\n  <div class=\"field__label\">Message<\/div>\n  <div class=\"field__field\">\n    <span class=\"wpcf7-form-control-wrap\" data-name=\"message\"><textarea cols=\"40\" rows=\"10\" maxlength=\"2000\" class=\"wpcf7-form-control wpcf7-textarea\" aria-invalid=\"false\" name=\"message\"><\/textarea><\/span>\n  <\/div>\n<\/label>\n<div class=\"mb30\">\n<div class=\"checkbox-wrapper\">\n<span class=\"wpcf7-form-control-wrap\" data-name=\"acceptance-1\"><span class=\"wpcf7-form-control wpcf7-acceptance\"><span class=\"wpcf7-list-item\"><label><input type=\"checkbox\" name=\"acceptance-1\" value=\"1\" aria-invalid=\"false\" \/><span class=\"wpcf7-list-item-label\">*I have read and understood the Information Clause of Commercecon Sp\u00f3\u0142ka z ograniczon\u0105 odpowiedzialno\u015bci\u0105 Sp. K. <span class=\"more-dots\">&#8230;<br \/><\/span> <span class=\"more-text\">In compliance with the information obligation under Article 13 of the General Data Protection Regulation of 27 April 2016 (OJ L 119, 04\/05\/2016), please be informed that:<br \/><br \/>\n1) The controller of your personal data is Commercecon sp\u00f3\u0142ka z ograniczon\u0105 odpowiedzialno\u015bci\u0105 Sp. K., having its registered office in Konstantyn\u00f3w \u0141\u00f3dzki 95-050, ul. Inwestycyjna 5.<br \/>\n2) The contact details of the Data Protection Officer are: Marcin Polit, +48533641700, iod@commercecon.pl.<br \/>\n3) Your personal data will be processed for the following purposes:<br \/>\n&#8211; preparing and communicating an answer to your query (Article 6(1)(a) GDPR)<br \/>\n&#8211; preparing, sending and discussing a business offer (Article 6(1)(a) GDPR)<br \/>\n&#8211; contact for the purpose of offering products and services by Commercecon sp\u00f3\u0142ka z ograniczon\u0105 odpowiedzialno\u015bci\u0105 Sp. K (Article 6(1)(a) GDPR)<br \/>\n&#8211; newsletter subscription (Article 6(1)(a) GDPR)<br \/>\n&#8211; promotional campaigns (contests, surveys) (Article 6(1)(a) GDPR)<br \/>\n&#8211; ensuring safety of employees and property (Article 6(1)(f))<br \/>\n&#8211; defence against claims (Article 6(1)(f) GDPR).<br \/>\n4) The recipients of your personal data will be only entities authorised to obtain personal data under the applicable laws.<br \/>\n5) Your personal data will be stored until you effectively exercise your right to object or withdraw your consent, or for the storage period prescribed by the applicable law.<br \/>\n6) You have the right to access, rectify, erase your data or restrict its processing, withdraw your consent and the right to data portability.<br \/>\n7) You have the right to lodge a complaint with the Personal Data Protection Office (UODO) if your personal data is processed by the controller contrary to the General Data Protection Regulation of 27 April 2016.<br \/>\n8) Your data will be subject to automated processing, including profiling. Automated decision-making will involve storing your information in our database:<br \/>\n&#8211; your data, e.g. first name, surname and position<br \/>\n&#8211; name of the company you represent<br \/>\n&#8211; contact phone<br \/>\n&#8211; e-mail.<br \/>\nAs a result of such processing, you will receive selected marketing information.<br \/>\n9) The provision of personal data is voluntary, but failure to provide data will make it impossible for us to process your request.\n<\/span>\n<button type=\"button\" class=\"show-more\">Show more<\/button>\n<button type=\"button\" class=\"show-less\">Show less<\/button><\/span><\/label><\/span><\/span><\/span>\n\n<\/div>\n\n\n<div class=\"checkbox-wrapper\">\n<span class=\"wpcf7-form-control-wrap\" data-name=\"acceptance-2\"><span class=\"wpcf7-form-control wpcf7-acceptance\"><span class=\"wpcf7-list-item\"><label><input type=\"checkbox\" name=\"acceptance-2\" value=\"1\" aria-invalid=\"false\" \/><span class=\"wpcf7-list-item-label\">*I consent to the processing of the information I have provided and that an authorised individual prepares and communicates to me an answer to the question using the communication methods I have selected (e-mail, phone).<\/span><\/label><\/span><\/span><\/span>\n\n<\/div>\n<div class=\"checkbox-wrapper\">\n<span class=\"wpcf7-form-control-wrap\" data-name=\"acceptance-3\"><span class=\"wpcf7-form-control wpcf7-acceptance optional\"><span class=\"wpcf7-list-item\"><label><input type=\"checkbox\" name=\"acceptance-3\" value=\"1\" aria-invalid=\"false\" \/><span class=\"wpcf7-list-item-label\">I consent Commercecon Sp\u00f3\u0142ka z ograniczon\u0105 odpowiedzialno\u015bci\u0105 Sp. K. to send me marketing information via the communication channels I have selected (e-mail, phone).<\/span><\/label><\/span><\/span><\/span>\n\n<\/div>\n<div class=\"checkbox-wrapper\">\n<span class=\"wpcf7-form-control-wrap\" data-name=\"acceptance-4\"><span class=\"wpcf7-form-control wpcf7-acceptance optional\"><span class=\"wpcf7-list-item\"><label><input type=\"checkbox\" name=\"acceptance-4\" value=\"1\" aria-invalid=\"false\" \/><span class=\"wpcf7-list-item-label\">Please send me, via the communication channels I have selected (e-mail, phone), the information on the promotions, contests, surveys and regular offer updates.<\/span><\/label><\/span><\/span><\/span>\n\n\n<\/div>\n<\/div>\n\n\n<span id=\"wpcf7-69f0a1cb010a7-wrapper\" class=\"wpcf7-form-control-wrap honeypot-411-wrap\" style=\"display:none !important; visibility:hidden !important;\"><label for=\"wpcf7-69f0a1cb010a7-field\" class=\"hp-message\">Please leave this field empty.<\/label><input id=\"wpcf7-69f0a1cb010a7-field\"  class=\"wpcf7-form-control wpcf7-text\" type=\"text\" name=\"honeypot-411\" value=\"\" size=\"40\" tabindex=\"-1\" autocomplete=\"new-password\" \/><\/span>\n\n<div class=\"text-right relative mt20\">\n<input class=\"wpcf7-form-control wpcf7-submit has-spinner btn btn--blue\" type=\"submit\" value=\"Send\" \/>\n<\/div>\n<p style=\"font-size: 1.2rem; color: #9c9c9c; margin-top: 100px;\">This page is protected by the reCAPTCHA. <a href=\"https:\/\/policies.google.com\/privacy\" target=\"_blank\">Privacy policy<\/a> and Google <a href=\"https:\/\/policies.google.com\/terms\" target=\"_blank\">Regulations<\/a> apply.<\/p><div class=\"wpcf7-response-output\" aria-hidden=\"true\"><\/div>\n<\/form>\n<\/div>\n    <\/div>\n  <\/div>\n<\/div>\n\n\n\n\n\n<style>\n    @media (max-width:1023px) {\n        .spacer-block_6119877b4b893 {\n            height: 10px;\n        }\n    }\n    @media (min-width:1024px) {\n        .spacer-block_6119877b4b893 {\n            height: 50px;\n        }\n    }\n<\/style>\n<div class=\"spacer spacer-block_6119877b4b893\"><\/div>\n\n\n\n<div class=\"wp-block-group is-style-default\"><div class=\"wp-block-group__inner-container is-layout-flow wp-block-group-is-layout-flow\">\n<h2 class=\"has-text-align-center is-style-heading-medium wp-block-heading\">Logistics hall projects<\/h2>\n\n\n\n<style>\n    @media (max-width:1023px) {\n        .spacer-block_60d5b370f0799 {\n            height: 10px;\n        }\n    }\n    @media (min-width:1024px) {\n        .spacer-block_60d5b370f0799 {\n            height: 50px;\n        }\n    }\n<\/style>\n<div class=\"spacer spacer-block_60d5b370f0799\"><\/div>\n\n\n  <div class=\"realizations-list\">\n          \n  <div class=\"realization-section \">\n          <div class=\"realization-section__slider swiper-container\" id=\"rs-4693\">\n        <div class=\"swiper-wrapper\">\n                      <div class=\"swiper-slide\">\n              <div class=\"realization-section__slide\">\n                                  <img decoding=\"async\" width=\"1920\" height=\"1160\" src=\"https:\/\/commercecon.pl\/wp-content\/uploads\/2021\/06\/2018-PANATTONI-NATOLIN-Commercecon-3-1920x1160.jpg\" class=\"attachment-xlarge size-xlarge\" alt=\"\" srcset=\"https:\/\/commercecon.pl\/wp-content\/uploads\/2021\/06\/2018-PANATTONI-NATOLIN-Commercecon-3-1920x1160.jpg 1920w, https:\/\/commercecon.pl\/wp-content\/uploads\/2021\/06\/2018-PANATTONI-NATOLIN-Commercecon-3-300x181.jpg 300w, https:\/\/commercecon.pl\/wp-content\/uploads\/2021\/06\/2018-PANATTONI-NATOLIN-Commercecon-3-1024x619.jpg 1024w, https:\/\/commercecon.pl\/wp-content\/uploads\/2021\/06\/2018-PANATTONI-NATOLIN-Commercecon-3-768x464.jpg 768w, https:\/\/commercecon.pl\/wp-content\/uploads\/2021\/06\/2018-PANATTONI-NATOLIN-Commercecon-3-1536x928.jpg 1536w, https:\/\/commercecon.pl\/wp-content\/uploads\/2021\/06\/2018-PANATTONI-NATOLIN-Commercecon-3-2048x1237.jpg 2048w\" sizes=\"(max-width: 1920px) 100vw, 1920px\" \/>                              <\/div>\n            <\/div>\n                      <div class=\"swiper-slide\">\n              <div class=\"realization-section__slide\">\n                                  <img decoding=\"async\" width=\"1920\" height=\"1095\" src=\"https:\/\/commercecon.pl\/wp-content\/uploads\/2021\/06\/2018-PANATTONI-NATOLIN-Commercecon-1920x1095.jpg\" class=\"attachment-xlarge size-xlarge\" alt=\"\" srcset=\"https:\/\/commercecon.pl\/wp-content\/uploads\/2021\/06\/2018-PANATTONI-NATOLIN-Commercecon-1920x1095.jpg 1920w, https:\/\/commercecon.pl\/wp-content\/uploads\/2021\/06\/2018-PANATTONI-NATOLIN-Commercecon-300x171.jpg 300w, https:\/\/commercecon.pl\/wp-content\/uploads\/2021\/06\/2018-PANATTONI-NATOLIN-Commercecon-1024x584.jpg 1024w, https:\/\/commercecon.pl\/wp-content\/uploads\/2021\/06\/2018-PANATTONI-NATOLIN-Commercecon-768x438.jpg 768w, https:\/\/commercecon.pl\/wp-content\/uploads\/2021\/06\/2018-PANATTONI-NATOLIN-Commercecon-1536x876.jpg 1536w, https:\/\/commercecon.pl\/wp-content\/uploads\/2021\/06\/2018-PANATTONI-NATOLIN-Commercecon-2048x1168.jpg 2048w\" sizes=\"(max-width: 1920px) 100vw, 1920px\" \/>                              <\/div>\n            <\/div>\n                      <div class=\"swiper-slide\">\n              <div class=\"realization-section__slide\">\n                                  <img decoding=\"async\" width=\"1920\" height=\"1177\" src=\"https:\/\/commercecon.pl\/wp-content\/uploads\/2021\/06\/2018-PANATTONI-NATOLIN-Commercecon-6-1920x1177.jpg\" class=\"attachment-xlarge size-xlarge\" alt=\"\" srcset=\"https:\/\/commercecon.pl\/wp-content\/uploads\/2021\/06\/2018-PANATTONI-NATOLIN-Commercecon-6-1920x1177.jpg 1920w, https:\/\/commercecon.pl\/wp-content\/uploads\/2021\/06\/2018-PANATTONI-NATOLIN-Commercecon-6-300x184.jpg 300w, https:\/\/commercecon.pl\/wp-content\/uploads\/2021\/06\/2018-PANATTONI-NATOLIN-Commercecon-6-1024x628.jpg 1024w, https:\/\/commercecon.pl\/wp-content\/uploads\/2021\/06\/2018-PANATTONI-NATOLIN-Commercecon-6-768x471.jpg 768w, https:\/\/commercecon.pl\/wp-content\/uploads\/2021\/06\/2018-PANATTONI-NATOLIN-Commercecon-6-1536x941.jpg 1536w, https:\/\/commercecon.pl\/wp-content\/uploads\/2021\/06\/2018-PANATTONI-NATOLIN-Commercecon-6-2048x1255.jpg 2048w\" sizes=\"(max-width: 1920px) 100vw, 1920px\" \/>                              <\/div>\n            <\/div>\n                  <\/div>\n      <\/div>\n\n        <div class=\"realization-box\">\n        <div class=\"status status--2 \">\n          Zrealizowana      <\/div>\n        <div class=\"realization-box__title\">PANATTONI<\/div>\n                    <div class=\"realization-box__buildings\">Logistics halls: 49380 m<sup>2<\/sup><\/div>\n            <div class=\"realization-box__place\">\n        Natolin      <\/div>\n      <a href=\"https:\/\/commercecon.pl\/en\/realizations\/panattoni\/\" class=\"text-link\">Zobacz realizacj\u0119<\/a>\n      <button type=\"button\" class=\"realization-box__hide\"><\/button>\n      <div class=\"realization-box__slider-controls\">\n        <button type=\"button\" class=\"prev-media\"><\/button>\n        <button type=\"button\" class=\"next-media\"><\/button>\n      <\/div>\n    <\/div>\n\n  <\/div>\n\n\n              \n  <div class=\"realization-section reversed\">\n          <div class=\"realization-section__slider swiper-container\" id=\"rs-4719\">\n        <div class=\"swiper-wrapper\">\n                      <div class=\"swiper-slide\">\n              <div class=\"realization-section__slide\">\n                                  <img decoding=\"async\" width=\"1920\" height=\"1279\" src=\"https:\/\/commercecon.pl\/wp-content\/uploads\/2021\/06\/02-1920x1279.jpg\" class=\"attachment-xlarge size-xlarge\" alt=\"\" srcset=\"https:\/\/commercecon.pl\/wp-content\/uploads\/2021\/06\/02-1920x1279.jpg 1920w, https:\/\/commercecon.pl\/wp-content\/uploads\/2021\/06\/02-300x200.jpg 300w, https:\/\/commercecon.pl\/wp-content\/uploads\/2021\/06\/02-1024x682.jpg 1024w, https:\/\/commercecon.pl\/wp-content\/uploads\/2021\/06\/02-768x512.jpg 768w, https:\/\/commercecon.pl\/wp-content\/uploads\/2021\/06\/02-1536x1023.jpg 1536w, https:\/\/commercecon.pl\/wp-content\/uploads\/2021\/06\/02-2048x1364.jpg 2048w\" sizes=\"(max-width: 1920px) 100vw, 1920px\" \/>                              <\/div>\n            <\/div>\n                      <div class=\"swiper-slide\">\n              <div class=\"realization-section__slide\">\n                                  <img decoding=\"async\" width=\"1920\" height=\"1279\" src=\"https:\/\/commercecon.pl\/wp-content\/uploads\/2021\/06\/07-1920x1279.jpg\" class=\"attachment-xlarge size-xlarge\" alt=\"\" srcset=\"https:\/\/commercecon.pl\/wp-content\/uploads\/2021\/06\/07-1920x1279.jpg 1920w, https:\/\/commercecon.pl\/wp-content\/uploads\/2021\/06\/07-300x200.jpg 300w, https:\/\/commercecon.pl\/wp-content\/uploads\/2021\/06\/07-1024x682.jpg 1024w, https:\/\/commercecon.pl\/wp-content\/uploads\/2021\/06\/07-768x512.jpg 768w, https:\/\/commercecon.pl\/wp-content\/uploads\/2021\/06\/07-1536x1023.jpg 1536w, https:\/\/commercecon.pl\/wp-content\/uploads\/2021\/06\/07-2048x1364.jpg 2048w\" sizes=\"(max-width: 1920px) 100vw, 1920px\" \/>                              <\/div>\n            <\/div>\n                      <div class=\"swiper-slide\">\n              <div class=\"realization-section__slide\">\n                                  <img decoding=\"async\" width=\"1920\" height=\"1279\" src=\"https:\/\/commercecon.pl\/wp-content\/uploads\/2021\/06\/08-1920x1279.jpg\" class=\"attachment-xlarge size-xlarge\" alt=\"\" srcset=\"https:\/\/commercecon.pl\/wp-content\/uploads\/2021\/06\/08-1920x1279.jpg 1920w, https:\/\/commercecon.pl\/wp-content\/uploads\/2021\/06\/08-300x200.jpg 300w, https:\/\/commercecon.pl\/wp-content\/uploads\/2021\/06\/08-1024x682.jpg 1024w, https:\/\/commercecon.pl\/wp-content\/uploads\/2021\/06\/08-768x512.jpg 768w, https:\/\/commercecon.pl\/wp-content\/uploads\/2021\/06\/08-1536x1023.jpg 1536w, https:\/\/commercecon.pl\/wp-content\/uploads\/2021\/06\/08-2048x1364.jpg 2048w\" sizes=\"(max-width: 1920px) 100vw, 1920px\" \/>                              <\/div>\n            <\/div>\n                      <div class=\"swiper-slide\">\n              <div class=\"realization-section__slide\">\n                                  <img decoding=\"async\" width=\"1920\" height=\"1279\" src=\"https:\/\/commercecon.pl\/wp-content\/uploads\/2021\/06\/09-1920x1279.jpg\" class=\"attachment-xlarge size-xlarge\" alt=\"\" srcset=\"https:\/\/commercecon.pl\/wp-content\/uploads\/2021\/06\/09-1920x1279.jpg 1920w, https:\/\/commercecon.pl\/wp-content\/uploads\/2021\/06\/09-300x200.jpg 300w, https:\/\/commercecon.pl\/wp-content\/uploads\/2021\/06\/09-1024x682.jpg 1024w, https:\/\/commercecon.pl\/wp-content\/uploads\/2021\/06\/09-768x512.jpg 768w, https:\/\/commercecon.pl\/wp-content\/uploads\/2021\/06\/09-1536x1023.jpg 1536w, https:\/\/commercecon.pl\/wp-content\/uploads\/2021\/06\/09-2048x1364.jpg 2048w\" sizes=\"(max-width: 1920px) 100vw, 1920px\" \/>                              <\/div>\n            <\/div>\n                  <\/div>\n      <\/div>\n\n        <div class=\"realization-box\">\n        <div class=\"status status--2 \">\n          Zrealizowana      <\/div>\n        <div class=\"realization-box__title\">PANATTONI<\/div>\n                    <div class=\"realization-box__buildings\">Logistics halls: 35000 m<sup>2<\/sup><\/div>\n            <div class=\"realization-box__place\">\n        Szczecin &#8211; Za\u0142om      <\/div>\n      <a href=\"https:\/\/commercecon.pl\/en\/realizations\/panattoni-park-szczecin\/\" class=\"text-link\">Zobacz realizacj\u0119<\/a>\n      <button type=\"button\" class=\"realization-box__hide\"><\/button>\n      <div class=\"realization-box__slider-controls\">\n        <button type=\"button\" class=\"prev-media\"><\/button>\n        <button type=\"button\" class=\"next-media\"><\/button>\n      <\/div>\n    <\/div>\n\n  <\/div>\n\n\n              \n  <div class=\"realization-section \">\n          <div class=\"realization-section__slider swiper-container\" id=\"rs-4731\">\n        <div class=\"swiper-wrapper\">\n                      <div class=\"swiper-slide\">\n              <div class=\"realization-section__slide\">\n                                  <img decoding=\"async\" width=\"1920\" height=\"1276\" src=\"https:\/\/commercecon.pl\/wp-content\/uploads\/2021\/06\/prologis-graniczna-wroclaw-1920x1276.jpg\" class=\"attachment-xlarge size-xlarge\" alt=\"Hala logistyczna ProLogis Centrum logistyczne\" srcset=\"https:\/\/commercecon.pl\/wp-content\/uploads\/2021\/06\/prologis-graniczna-wroclaw-1920x1276.jpg 1920w, https:\/\/commercecon.pl\/wp-content\/uploads\/2021\/06\/prologis-graniczna-wroclaw-300x199.jpg 300w, https:\/\/commercecon.pl\/wp-content\/uploads\/2021\/06\/prologis-graniczna-wroclaw-1024x680.jpg 1024w, https:\/\/commercecon.pl\/wp-content\/uploads\/2021\/06\/prologis-graniczna-wroclaw-768x510.jpg 768w, https:\/\/commercecon.pl\/wp-content\/uploads\/2021\/06\/prologis-graniczna-wroclaw-1536x1021.jpg 1536w, https:\/\/commercecon.pl\/wp-content\/uploads\/2021\/06\/prologis-graniczna-wroclaw-2048x1361.jpg 2048w\" sizes=\"(max-width: 1920px) 100vw, 1920px\" \/>                              <\/div>\n            <\/div>\n                      <div class=\"swiper-slide\">\n              <div class=\"realization-section__slide\">\n                                  <img decoding=\"async\" width=\"1200\" height=\"732\" src=\"https:\/\/commercecon.pl\/wp-content\/uploads\/2021\/06\/6-4.jpg\" class=\"attachment-xlarge size-xlarge\" alt=\"\" srcset=\"https:\/\/commercecon.pl\/wp-content\/uploads\/2021\/06\/6-4.jpg 1200w, https:\/\/commercecon.pl\/wp-content\/uploads\/2021\/06\/6-4-300x183.jpg 300w, https:\/\/commercecon.pl\/wp-content\/uploads\/2021\/06\/6-4-1024x625.jpg 1024w, https:\/\/commercecon.pl\/wp-content\/uploads\/2021\/06\/6-4-768x468.jpg 768w\" sizes=\"(max-width: 1200px) 100vw, 1200px\" \/>                              <\/div>\n            <\/div>\n                      <div class=\"swiper-slide\">\n              <div class=\"realization-section__slide\">\n                                  <img decoding=\"async\" width=\"922\" height=\"673\" src=\"https:\/\/commercecon.pl\/wp-content\/uploads\/2021\/06\/17-2.jpg\" class=\"attachment-xlarge size-xlarge\" alt=\"\" srcset=\"https:\/\/commercecon.pl\/wp-content\/uploads\/2021\/06\/17-2.jpg 922w, https:\/\/commercecon.pl\/wp-content\/uploads\/2021\/06\/17-2-300x219.jpg 300w, https:\/\/commercecon.pl\/wp-content\/uploads\/2021\/06\/17-2-768x561.jpg 768w\" sizes=\"(max-width: 922px) 100vw, 922px\" \/>                              <\/div>\n            <\/div>\n                  <\/div>\n      <\/div>\n\n        <div class=\"realization-box\">\n        <div class=\"status status--2 \">\n          Zrealizowana      <\/div>\n        <div class=\"realization-box__title\">ProLogis \u2013 logistics centre<\/div>\n                    <div class=\"realization-box__buildings\">Logistics halls: 5237 m<sup>2<\/sup><\/div>\n            <div class=\"realization-box__place\">\n        Nowa Wie\u015b Wroc\u0142awska      <\/div>\n      <a href=\"https:\/\/commercecon.pl\/en\/realizations\/prologis-logistics-centre\/\" class=\"text-link\">Zobacz realizacj\u0119<\/a>\n      <button type=\"button\" class=\"realization-box__hide\"><\/button>\n      <div class=\"realization-box__slider-controls\">\n        <button type=\"button\" class=\"prev-media\"><\/button>\n        <button type=\"button\" class=\"next-media\"><\/button>\n      <\/div>\n    <\/div>\n\n  <\/div>\n\n\n          <\/div>\n\n\n\n<p><\/p>\n<\/div><\/div>\n\n\n\n<div class=\"wp-block-group\"><div class=\"wp-block-group__inner-container is-layout-flow wp-block-group-is-layout-flow\">\n<style>\n    @media (max-width:1023px) {\n        .spacer-block_60d5b363f0798 {\n            height: 10px;\n        }\n    }\n    @media (min-width:1024px) {\n        .spacer-block_60d5b363f0798 {\n            height: 50px;\n        }\n    }\n<\/style>\n<div class=\"spacer spacer-block_60d5b363f0798\"><\/div>\n\n\n\n<h2 class=\"has-text-align-center is-style-heading-medium wp-block-heading\">Investor\u2019s guide<\/h2>\n\n\n\n<style>\n    @media (max-width:1023px) {\n        .spacer-block_60d5b363f0798 {\n            height: 10px;\n        }\n    }\n    @media (min-width:1024px) {\n        .spacer-block_60d5b363f0798 {\n            height: 50px;\n        }\n    }\n<\/style>\n<div class=\"spacer spacer-block_60d5b363f0798\"><\/div>\n\n\n    <div class=\"post-list post-list--3\">\n            <a href=\"https:\/\/commercecon.pl\/en\/baza-wiedzy\/step-by-step-steel-industrial-building-construction-process-from-design-to-commissioning\/\" class=\"post-box small\">\n    <img decoding=\"async\" width=\"1000\" height=\"1000\" src=\"https:\/\/commercecon.pl\/wp-content\/uploads\/2025\/10\/budowa-hali-1000x1000.jpg\" class=\"attachment-square size-square wp-post-image\" alt=\"budowa hali\" srcset=\"https:\/\/commercecon.pl\/wp-content\/uploads\/2025\/10\/budowa-hali-1000x1000.jpg 1000w, https:\/\/commercecon.pl\/wp-content\/uploads\/2025\/10\/budowa-hali-150x150.jpg 150w\" sizes=\"(max-width: 1000px) 100vw, 1000px\" \/>    <div class=\"post-box__info\">\n      <div class=\"post-date\">30.10.2025<\/div>\n      <div class=\"post-box__title\">Step-by-step steel industrial building construction process \u2013 from design to commissioning<\/div>\n      <div class=\"post-box__cta\">Czytaj artyku\u0142<\/div>\n    <\/div>\n  <\/a>\n                <a href=\"https:\/\/commercecon.pl\/en\/baza-wiedzy\/artificial-intelligence-to-serve-in-the-process-of-supervising-the-execution-how-ai-supports-the-general-contracting-process\/\" class=\"post-box small\">\n    <img decoding=\"async\" width=\"1000\" height=\"1000\" src=\"https:\/\/commercecon.pl\/wp-content\/uploads\/2025\/09\/sztuczna-inteligencja-w-sluzbie-procesu-nadzoru-realizacji-1000x1000.jpeg\" class=\"attachment-square size-square wp-post-image\" alt=\"\" srcset=\"https:\/\/commercecon.pl\/wp-content\/uploads\/2025\/09\/sztuczna-inteligencja-w-sluzbie-procesu-nadzoru-realizacji-1000x1000.jpeg 1000w, https:\/\/commercecon.pl\/wp-content\/uploads\/2025\/09\/sztuczna-inteligencja-w-sluzbie-procesu-nadzoru-realizacji-150x150.jpeg 150w\" sizes=\"(max-width: 1000px) 100vw, 1000px\" \/>    <div class=\"post-box__info\">\n      <div class=\"post-date\">22.09.2025<\/div>\n      <div class=\"post-box__title\">Artificial intelligence to serve in the process of supervising the execution \u2013 how AI supports the general contracting process?<\/div>\n      <div class=\"post-box__cta\">Czytaj artyku\u0142<\/div>\n    <\/div>\n  <\/a>\n                <a href=\"https:\/\/commercecon.pl\/en\/baza-wiedzy\/how-is-artificial-intelligence-revolutionising-industrial-construction-overview-of-the-latest-technologies\/\" class=\"post-box small\">\n    <img decoding=\"async\" width=\"1000\" height=\"1000\" src=\"https:\/\/commercecon.pl\/wp-content\/uploads\/2025\/08\/Jak-sztuczna-inteligencja-rewolucjonizuje-budownictwo-przemyslowe-1000x1000.jpg\" class=\"attachment-square size-square wp-post-image\" alt=\"\" srcset=\"https:\/\/commercecon.pl\/wp-content\/uploads\/2025\/08\/Jak-sztuczna-inteligencja-rewolucjonizuje-budownictwo-przemyslowe-1000x1000.jpg 1000w, https:\/\/commercecon.pl\/wp-content\/uploads\/2025\/08\/Jak-sztuczna-inteligencja-rewolucjonizuje-budownictwo-przemyslowe-150x150.jpg 150w\" sizes=\"(max-width: 1000px) 100vw, 1000px\" \/>    <div class=\"post-box__info\">\n      <div class=\"post-date\">13.08.2025<\/div>\n      <div class=\"post-box__title\">How is artificial intelligence revolutionising industrial construction? Overview of the latest technologies<\/div>\n      <div class=\"post-box__cta\">Czytaj artyku\u0142<\/div>\n    <\/div>\n  <\/a>\n          <\/div>\n\n\n\n<style>\n    @media (max-width:1023px) {\n        .spacer-block_60d5b28ff0791 {\n            height: 10px;\n        }\n    }\n    @media (min-width:1024px) {\n        .spacer-block_60d5b28ff0791 {\n            height: 30px;\n        }\n    }\n<\/style>\n<div class=\"spacer spacer-block_60d5b28ff0791\"><\/div>\n\n\n\n<div class=\"wp-block-group\"><div class=\"wp-block-group__inner-container is-layout-flow wp-block-group-is-layout-flow\">\n<div class=\" align-center\">\n  <a href=\"\/en\/baza-wiedzy\/\"\n     class=\"text-link\"\n       >More articles<\/a>\n<\/div>\n\n\n\n<style>\n    @media (max-width:1023px) {\n        .spacer-block_60d5b2f8f0795 {\n            height: 10px;\n        }\n    }\n    @media (min-width:1024px) {\n        .spacer-block_60d5b2f8f0795 {\n            height: 50px;\n        }\n    }\n<\/style>\n<div class=\"spacer spacer-block_60d5b2f8f0795\"><\/div>\n\n\n\n<p><\/p>\n<\/div><\/div>\n<\/div><\/div>\n","protected":false},"excerpt":{"rendered":"<p>Designing logistics halls A logistics hall should, above all, be functional and cost-effective to run. This type of facility is not only used for storage, but also as a place for distributing and handling cargos. To include this function in a logistics hall design, we adopt solutions that enable efficient work of all operators. We [&hellip;]<\/p>\n","protected":false},"author":2,"featured_media":0,"parent":5095,"menu_order":0,"comment_status":"closed","ping_status":"closed","template":"","meta":{"_acf_changed":false,"inline_featured_image":false,"footnotes":""},"class_list":["post-5174","page","type-page","status-publish","hentry"],"acf":[],"yoast_head":"<!-- This site is optimized with the Yoast SEO plugin v26.4 - https:\/\/yoast.com\/wordpress\/plugins\/seo\/ -->\n<title>Logistics halls | Commercecon<\/title>\n<meta name=\"robots\" content=\"index, follow, max-snippet:-1, max-image-preview:large, max-video-preview:-1\" \/>\n<link rel=\"canonical\" href=\"https:\/\/commercecon.pl\/en\/industrial-facilities\/logistics-halls\/\" \/>\n<meta property=\"og:locale\" content=\"en_US\" \/>\n<meta property=\"og:type\" content=\"article\" \/>\n<meta property=\"og:title\" content=\"Logistics halls | Commercecon\" \/>\n<meta property=\"og:description\" content=\"Designing logistics halls A logistics hall should, above all, be functional and cost-effective to run. This type of facility is not only used for storage, but also as a place for distributing and handling cargos. To include this function in a logistics hall design, we adopt solutions that enable efficient work of all operators. We [&hellip;]\" \/>\n<meta property=\"og:url\" content=\"https:\/\/commercecon.pl\/en\/industrial-facilities\/logistics-halls\/\" \/>\n<meta property=\"og:site_name\" content=\"Commercecon\" \/>\n<meta property=\"article:modified_time\" content=\"2022-03-13T23:10:03+00:00\" \/>\n<meta property=\"og:image\" content=\"https:\/\/commercecon.pl\/wp-content\/uploads\/2021\/06\/hale-logistyczne-Commercecon-1.jpg\" \/>\n<meta name=\"twitter:card\" content=\"summary_large_image\" \/>\n<meta name=\"twitter:label1\" content=\"Est. reading time\" \/>\n\t<meta name=\"twitter:data1\" content=\"2 minutes\" \/>\n<script type=\"application\/ld+json\" class=\"yoast-schema-graph\">{\"@context\":\"https:\/\/schema.org\",\"@graph\":[{\"@type\":\"WebPage\",\"@id\":\"https:\/\/commercecon.pl\/en\/industrial-facilities\/logistics-halls\/\",\"url\":\"https:\/\/commercecon.pl\/en\/industrial-facilities\/logistics-halls\/\",\"name\":\"Logistics halls | Commercecon\",\"isPartOf\":{\"@id\":\"https:\/\/commercecon.pl\/en\/#website\"},\"primaryImageOfPage\":{\"@id\":\"https:\/\/commercecon.pl\/en\/industrial-facilities\/logistics-halls\/#primaryimage\"},\"image\":{\"@id\":\"https:\/\/commercecon.pl\/en\/industrial-facilities\/logistics-halls\/#primaryimage\"},\"thumbnailUrl\":\"https:\/\/commercecon.pl\/wp-content\/uploads\/2021\/06\/hale-logistyczne-Commercecon-1.jpg\",\"datePublished\":\"2021-06-25T14:55:53+00:00\",\"dateModified\":\"2022-03-13T23:10:03+00:00\",\"breadcrumb\":{\"@id\":\"https:\/\/commercecon.pl\/en\/industrial-facilities\/logistics-halls\/#breadcrumb\"},\"inLanguage\":\"en-US\",\"potentialAction\":[{\"@type\":\"ReadAction\",\"target\":[\"https:\/\/commercecon.pl\/en\/industrial-facilities\/logistics-halls\/\"]}]},{\"@type\":\"ImageObject\",\"inLanguage\":\"en-US\",\"@id\":\"https:\/\/commercecon.pl\/en\/industrial-facilities\/logistics-halls\/#primaryimage\",\"url\":\"https:\/\/commercecon.pl\/wp-content\/uploads\/2021\/06\/hale-logistyczne-Commercecon-1.jpg\",\"contentUrl\":\"https:\/\/commercecon.pl\/wp-content\/uploads\/2021\/06\/hale-logistyczne-Commercecon-1.jpg\"},{\"@type\":\"BreadcrumbList\",\"@id\":\"https:\/\/commercecon.pl\/en\/industrial-facilities\/logistics-halls\/#breadcrumb\",\"itemListElement\":[{\"@type\":\"ListItem\",\"position\":1,\"name\":\"Main\",\"item\":\"https:\/\/commercecon.pl\/en\/\"},{\"@type\":\"ListItem\",\"position\":2,\"name\":\"Industrial facilities\",\"item\":\"https:\/\/commercecon.pl\/en\/industrial-facilities\/\"},{\"@type\":\"ListItem\",\"position\":3,\"name\":\"Logistics halls\"}]},{\"@type\":\"WebSite\",\"@id\":\"https:\/\/commercecon.pl\/en\/#website\",\"url\":\"https:\/\/commercecon.pl\/en\/\",\"name\":\"Commercecon\",\"description\":\"\",\"potentialAction\":[{\"@type\":\"SearchAction\",\"target\":{\"@type\":\"EntryPoint\",\"urlTemplate\":\"https:\/\/commercecon.pl\/en\/?s={search_term_string}\"},\"query-input\":{\"@type\":\"PropertyValueSpecification\",\"valueRequired\":true,\"valueName\":\"search_term_string\"}}],\"inLanguage\":\"en-US\"}]}<\/script>\n<!-- \/ Yoast SEO plugin. -->","yoast_head_json":{"title":"Logistics halls | Commercecon","robots":{"index":"index","follow":"follow","max-snippet":"max-snippet:-1","max-image-preview":"max-image-preview:large","max-video-preview":"max-video-preview:-1"},"canonical":"https:\/\/commercecon.pl\/en\/industrial-facilities\/logistics-halls\/","og_locale":"en_US","og_type":"article","og_title":"Logistics halls | Commercecon","og_description":"Designing logistics halls A logistics hall should, above all, be functional and cost-effective to run. This type of facility is not only used for storage, but also as a place for distributing and handling cargos. To include this function in a logistics hall design, we adopt solutions that enable efficient work of all operators. We [&hellip;]","og_url":"https:\/\/commercecon.pl\/en\/industrial-facilities\/logistics-halls\/","og_site_name":"Commercecon","article_modified_time":"2022-03-13T23:10:03+00:00","og_image":[{"url":"https:\/\/commercecon.pl\/wp-content\/uploads\/2021\/06\/hale-logistyczne-Commercecon-1.jpg","type":"","width":"","height":""}],"twitter_card":"summary_large_image","twitter_misc":{"Est. reading time":"2 minutes"},"schema":{"@context":"https:\/\/schema.org","@graph":[{"@type":"WebPage","@id":"https:\/\/commercecon.pl\/en\/industrial-facilities\/logistics-halls\/","url":"https:\/\/commercecon.pl\/en\/industrial-facilities\/logistics-halls\/","name":"Logistics halls | Commercecon","isPartOf":{"@id":"https:\/\/commercecon.pl\/en\/#website"},"primaryImageOfPage":{"@id":"https:\/\/commercecon.pl\/en\/industrial-facilities\/logistics-halls\/#primaryimage"},"image":{"@id":"https:\/\/commercecon.pl\/en\/industrial-facilities\/logistics-halls\/#primaryimage"},"thumbnailUrl":"https:\/\/commercecon.pl\/wp-content\/uploads\/2021\/06\/hale-logistyczne-Commercecon-1.jpg","datePublished":"2021-06-25T14:55:53+00:00","dateModified":"2022-03-13T23:10:03+00:00","breadcrumb":{"@id":"https:\/\/commercecon.pl\/en\/industrial-facilities\/logistics-halls\/#breadcrumb"},"inLanguage":"en-US","potentialAction":[{"@type":"ReadAction","target":["https:\/\/commercecon.pl\/en\/industrial-facilities\/logistics-halls\/"]}]},{"@type":"ImageObject","inLanguage":"en-US","@id":"https:\/\/commercecon.pl\/en\/industrial-facilities\/logistics-halls\/#primaryimage","url":"https:\/\/commercecon.pl\/wp-content\/uploads\/2021\/06\/hale-logistyczne-Commercecon-1.jpg","contentUrl":"https:\/\/commercecon.pl\/wp-content\/uploads\/2021\/06\/hale-logistyczne-Commercecon-1.jpg"},{"@type":"BreadcrumbList","@id":"https:\/\/commercecon.pl\/en\/industrial-facilities\/logistics-halls\/#breadcrumb","itemListElement":[{"@type":"ListItem","position":1,"name":"Main","item":"https:\/\/commercecon.pl\/en\/"},{"@type":"ListItem","position":2,"name":"Industrial facilities","item":"https:\/\/commercecon.pl\/en\/industrial-facilities\/"},{"@type":"ListItem","position":3,"name":"Logistics halls"}]},{"@type":"WebSite","@id":"https:\/\/commercecon.pl\/en\/#website","url":"https:\/\/commercecon.pl\/en\/","name":"Commercecon","description":"","potentialAction":[{"@type":"SearchAction","target":{"@type":"EntryPoint","urlTemplate":"https:\/\/commercecon.pl\/en\/?s={search_term_string}"},"query-input":{"@type":"PropertyValueSpecification","valueRequired":true,"valueName":"search_term_string"}}],"inLanguage":"en-US"}]}},"_links":{"self":[{"href":"https:\/\/commercecon.pl\/en\/wp-json\/wp\/v2\/pages\/5174","targetHints":{"allow":["GET"]}}],"collection":[{"href":"https:\/\/commercecon.pl\/en\/wp-json\/wp\/v2\/pages"}],"about":[{"href":"https:\/\/commercecon.pl\/en\/wp-json\/wp\/v2\/types\/page"}],"author":[{"embeddable":true,"href":"https:\/\/commercecon.pl\/en\/wp-json\/wp\/v2\/users\/2"}],"replies":[{"embeddable":true,"href":"https:\/\/commercecon.pl\/en\/wp-json\/wp\/v2\/comments?post=5174"}],"version-history":[{"count":14,"href":"https:\/\/commercecon.pl\/en\/wp-json\/wp\/v2\/pages\/5174\/revisions"}],"predecessor-version":[{"id":6437,"href":"https:\/\/commercecon.pl\/en\/wp-json\/wp\/v2\/pages\/5174\/revisions\/6437"}],"up":[{"embeddable":true,"href":"https:\/\/commercecon.pl\/en\/wp-json\/wp\/v2\/pages\/5095"}],"wp:attachment":[{"href":"https:\/\/commercecon.pl\/en\/wp-json\/wp\/v2\/media?parent=5174"}],"curies":[{"name":"wp","href":"https:\/\/api.w.org\/{rel}","templated":true}]}}